{"version":"1.0","provider_name":"Wheelchair Basketball Canada","provider_url":"https:\/\/www.wheelchairbasketball.ca\/fr\/","title":"La comp\u00e9tition de Lyon 2018 - Wheelchair Basketball Canada","type":"rich","width":600,"height":338,"html":"<blockquote class=\"wp-embedded-content\" data-secret=\"aLhWybFqKJ\"><a href=\"https:\/\/www.wheelchairbasketball.ca\/fr\/event\/2018-lyon-competition-2\/\">La comp\u00e9tition de Lyon 2018<\/a><\/blockquote><iframe sandbox=\"allow-scripts\" security=\"restricted\" src=\"https:\/\/www.wheelchairbasketball.ca\/fr\/event\/2018-lyon-competition-2\/embed\/#?secret=aLhWybFqKJ\" width=\"600\" height=\"338\" title=\"\u00ab\u00a0La comp\u00e9tition de Lyon 2018\u00a0\u00bb &#8212; Wheelchair Basketball Canada\" data-secret=\"aLhWybFqKJ\" frameborder=\"0\" marginwidth=\"0\" marginheight=\"0\" scrolling=\"no\" class=\"wp-embedded-content\"><\/iframe><script type=\"text\/javascript\">\n\/* <![CDATA[ *\/\n\/*! This file is auto-generated *\/\n!function(d,l){\"use strict\";l.querySelector&&d.addEventListener&&\"undefined\"!=typeof URL&&(d.wp=d.wp||{},d.wp.receiveEmbedMessage||(d.wp.receiveEmbedMessage=function(e){var t=e.data;if((t||t.secret||t.message||t.value)&&!\/[^a-zA-Z0-9]\/.test(t.secret)){for(var s,r,n,a=l.querySelectorAll('iframe[data-secret=\"'+t.secret+'\"]'),o=l.querySelectorAll('blockquote[data-secret=\"'+t.secret+'\"]'),c=new RegExp(\"^https?:$\",\"i\"),i=0;i<o.length;i++)o[i].style.display=\"none\";for(i=0;i<a.length;i++)s=a[i],e.source===s.contentWindow&&(s.removeAttribute(\"style\"),\"height\"===t.message?(1e3<(r=parseInt(t.value,10))?r=1e3:~~r<200&&(r=200),s.height=r):\"link\"===t.message&&(r=new URL(s.getAttribute(\"src\")),n=new URL(t.value),c.test(n.protocol))&&n.host===r.host&&l.activeElement===s&&(d.top.location.href=t.value))}},d.addEventListener(\"message\",d.wp.receiveEmbedMessage,!1),l.addEventListener(\"DOMContentLoaded\",function(){for(var e,t,s=l.querySelectorAll(\"iframe.wp-embedded-content\"),r=0;r<s.length;r++)(t=(e=s[r]).getAttribute(\"data-secret\"))||(t=Math.random().toString(36).substring(2,12),e.src+=\"#?secret=\"+t,e.setAttribute(\"data-secret\",t)),e.contentWindow.postMessage({message:\"ready\",secret:t},\"*\")},!1)))}(window,document);\n\/* ]]> *\/\n<\/script>\n","thumbnail_url":"https:\/\/www.wheelchairbasketball.ca\/wp-content\/uploads\/2018\/05\/33607958_10155745274249007_800486499865853952_n.jpg","thumbnail_width":960,"thumbnail_height":652,"description":"L\u2019\u00e9quipe nationale f\u00e9minine senior amorcera son entra\u00eenement estival de 2018, en vue du Championnat du monde de basketball en fauteuil roulant, en participant \u00e0 la comp\u00e9tition de Lyon, \u00e0 Lyon, en France, du 7 au 9 juin 2018. L\u2019\u00e9quipe concourra contre l\u2019Espagne, la France et la Grande-Bretagne."}