{"version":"1.0","provider_name":"Wheelchair Basketball Canada","provider_url":"https:\/\/www.wheelchairbasketball.ca\/fr\/","title":"Basketball en fauteuil roulant canada nomme les membres des \u00e9quipes nationales canadiennes, masculine et f\u00e9minine, de 2017 - Wheelchair Basketball Canada","type":"rich","width":600,"height":338,"html":"<blockquote class=\"wp-embedded-content\" data-secret=\"ceH9rX6c6G\"><a href=\"https:\/\/www.wheelchairbasketball.ca\/fr\/news_press\/les-membres-des-equipes-nationales-2017\/\">Basketball en fauteuil roulant canada nomme les membres des \u00e9quipes nationales canadiennes, masculine et f\u00e9minine, de 2017<\/a><\/blockquote><iframe sandbox=\"allow-scripts\" security=\"restricted\" src=\"https:\/\/www.wheelchairbasketball.ca\/fr\/news_press\/les-membres-des-equipes-nationales-2017\/embed\/#?secret=ceH9rX6c6G\" width=\"600\" height=\"338\" title=\"\u00ab\u00a0Basketball en fauteuil roulant canada nomme les membres des \u00e9quipes nationales canadiennes, masculine et f\u00e9minine, de 2017\u00a0\u00bb &#8212; Wheelchair Basketball Canada\" data-secret=\"ceH9rX6c6G\" frameborder=\"0\" marginwidth=\"0\" marginheight=\"0\" scrolling=\"no\" class=\"wp-embedded-content\"><\/iframe><script type=\"text\/javascript\">\n\/* <![CDATA[ *\/\n\/*! This file is auto-generated *\/\n!function(d,l){\"use strict\";l.querySelector&&d.addEventListener&&\"undefined\"!=typeof URL&&(d.wp=d.wp||{},d.wp.receiveEmbedMessage||(d.wp.receiveEmbedMessage=function(e){var t=e.data;if((t||t.secret||t.message||t.value)&&!\/[^a-zA-Z0-9]\/.test(t.secret)){for(var s,r,n,a=l.querySelectorAll('iframe[data-secret=\"'+t.secret+'\"]'),o=l.querySelectorAll('blockquote[data-secret=\"'+t.secret+'\"]'),c=new RegExp(\"^https?:$\",\"i\"),i=0;i<o.length;i++)o[i].style.display=\"none\";for(i=0;i<a.length;i++)s=a[i],e.source===s.contentWindow&&(s.removeAttribute(\"style\"),\"height\"===t.message?(1e3<(r=parseInt(t.value,10))?r=1e3:~~r<200&&(r=200),s.height=r):\"link\"===t.message&&(r=new URL(s.getAttribute(\"src\")),n=new URL(t.value),c.test(n.protocol))&&n.host===r.host&&l.activeElement===s&&(d.top.location.href=t.value))}},d.addEventListener(\"message\",d.wp.receiveEmbedMessage,!1),l.addEventListener(\"DOMContentLoaded\",function(){for(var e,t,s=l.querySelectorAll(\"iframe.wp-embedded-content\"),r=0;r<s.length;r++)(t=(e=s[r]).getAttribute(\"data-secret\"))||(t=Math.random().toString(36).substring(2,12),e.src+=\"#?secret=\"+t,e.setAttribute(\"data-secret\",t)),e.contentWindow.postMessage({message:\"ready\",secret:t},\"*\")},!1)))}(window,document);\n\/* ]]> *\/\n<\/script>\n","description":"(Ottawa, Ont.)\u00a0Basketball en fauteuil roulant Canada est heureux d\u2019annoncer les noms des athl\u00e8tes s\u00e9lectionn\u00e9s pour repr\u00e9senter le Canada comme membres des \u00e9quipes nationales seniors, masculine et f\u00e9minine, de basketball en fauteuil roulant. Les \u00e9quipes canadiennes concourront au tournoi de qualification de la Coupe des Am\u00e9riques, du 23 au 30 ao\u00fbt 2017 \u00e0 Cali, en Colombie. [&hellip;]"}