{"version":"1.0","provider_name":"Wheelchair Basketball Canada","provider_url":"https:\/\/www.wheelchairbasketball.ca\/fr\/","title":"Matteo Feriani - Wheelchair Basketball Canada","type":"rich","width":600,"height":338,"html":"<blockquote class=\"wp-embedded-content\" data-secret=\"EZjD5kSl6s\"><a href=\"https:\/\/www.wheelchairbasketball.ca\/fr\/team_staff\/matteo-feriani\/\">Matteo Feriani<\/a><\/blockquote><iframe sandbox=\"allow-scripts\" security=\"restricted\" src=\"https:\/\/www.wheelchairbasketball.ca\/fr\/team_staff\/matteo-feriani\/embed\/#?secret=EZjD5kSl6s\" width=\"600\" height=\"338\" title=\"\u00ab\u00a0Matteo Feriani\u00a0\u00bb &#8212; Wheelchair Basketball Canada\" data-secret=\"EZjD5kSl6s\" frameborder=\"0\" marginwidth=\"0\" marginheight=\"0\" scrolling=\"no\" class=\"wp-embedded-content\"><\/iframe><script type=\"text\/javascript\">\n\/* <![CDATA[ *\/\n\/*! This file is auto-generated *\/\n!function(d,l){\"use strict\";l.querySelector&&d.addEventListener&&\"undefined\"!=typeof URL&&(d.wp=d.wp||{},d.wp.receiveEmbedMessage||(d.wp.receiveEmbedMessage=function(e){var t=e.data;if((t||t.secret||t.message||t.value)&&!\/[^a-zA-Z0-9]\/.test(t.secret)){for(var s,r,n,a=l.querySelectorAll('iframe[data-secret=\"'+t.secret+'\"]'),o=l.querySelectorAll('blockquote[data-secret=\"'+t.secret+'\"]'),c=new RegExp(\"^https?:$\",\"i\"),i=0;i<o.length;i++)o[i].style.display=\"none\";for(i=0;i<a.length;i++)s=a[i],e.source===s.contentWindow&&(s.removeAttribute(\"style\"),\"height\"===t.message?(1e3<(r=parseInt(t.value,10))?r=1e3:~~r<200&&(r=200),s.height=r):\"link\"===t.message&&(r=new URL(s.getAttribute(\"src\")),n=new URL(t.value),c.test(n.protocol))&&n.host===r.host&&l.activeElement===s&&(d.top.location.href=t.value))}},d.addEventListener(\"message\",d.wp.receiveEmbedMessage,!1),l.addEventListener(\"DOMContentLoaded\",function(){for(var e,t,s=l.querySelectorAll(\"iframe.wp-embedded-content\"),r=0;r<s.length;r++)(t=(e=s[r]).getAttribute(\"data-secret\"))||(t=Math.random().toString(36).substring(2,12),e.src+=\"#?secret=\"+t,e.setAttribute(\"data-secret\",t)),e.contentWindow.postMessage({message:\"ready\",secret:t},\"*\")},!1)))}(window,document);\n\/* ]]> *\/\n<\/script>\n","description":"Biographie Originaire de Padoue, en Italie, Matteo Feriani est entra\u00eeneur depuis 18 ans. Ayant servi d\u2019entra\u00eeneur adjoint des \u00e9quipes nationales de l\u2019Italie, de l\u2019Australie et du Br\u00e9sil et d\u2019entra\u00eeneur en chef de plusieurs \u00e9quipes de clubs en Europe et en Australie, Matteo poss\u00e8de une vaste exp\u00e9rience. Matteo a amorc\u00e9 sa carri\u00e8re d\u2019entra\u00eeneur d\u2019\u00e9quipes nationales avec [&hellip;]"}